{"id":3212,"date":"2023-10-26T13:52:36","date_gmt":"2023-10-26T10:52:36","guid":{"rendered":"https:\/\/sunclimbing.com\/?post_type=event&#038;p=3212"},"modified":"2023-11-16T10:44:51","modified_gmt":"2023-11-16T07:44:51","slug":"personal-protective-equipment-ppe-with-jurgen-2","status":"publish","type":"event","link":"https:\/\/sunclimbing.com\/tr\/course\/personal-protective-equipment-ppe-with-jurgen-2\/","title":{"rendered":"Personal Protective Equipment (PPE) with J\u00fcrgen"},"content":{"rendered":"<div class=\"em em-view-container\" id=\"em-view-1375794400\" data-view=\"event\">\r\n\t<div class=\"em pixelbones em-item em-item-single em-event em-event-single em-event-672\" id=\"em-event-1375794400\" data-view-id=\"1375794400\">\r\n\t\t<style>\r\n\t.wp-container-core-group-is-layout-3 {\r\n\t\tgap: var(--wp--preset--spacing--10);\r\n\t\tflex-direction: column;\r\n\t\talign-items: flex-start;\r\n\t}\r\n\r\n\t.em-event-content>* {\r\n\t\tmargin-top: 0;\r\n\t}\r\n\t\r\n\t.wp-block-cover, .wp-block-cover-image {\r\n    align-items: center;\r\n    background-position: 50%;\r\n    box-sizing: border-box;\r\n    display: flex;\r\n    justify-content: center;\r\n    min-height: 430px;\r\n    overflow: hidden;\r\n    overflow: clip;\r\n    padding: 1em;\r\n    position: relative;\r\n}\r\n\t\r\n\t.wp-block-cover .wp-block-cover__image-background, .wp-block-cover video.wp-block-cover__video-background, .wp-block-cover-image .wp-block-cover__image-background, .wp-block-cover-image video.wp-block-cover__video-background {\r\n\t    border: none;\r\n    bottom: 0;\r\n    box-shadow: none;\r\n    height: 100%;\r\n    left: 0;\r\n    margin: 0;\r\n    max-height: none;\r\n    max-width: none;\r\n    object-fit: cover;\r\n    outline: none;\r\n    padding: 0;\r\n    position: absolute;\r\n    right: 0;\r\n    top: 0;\r\n    width: 100%;\r\n\t\t}\r\n<\/style>\r\n\r\n\r\n<!-- EVENT BILD -->\r\n\r\n<div class=\"wp-block-cover is-light has-parallax\">\r\n\t<span aria-hidden=\"true\" class=\"wp-block-cover__background has-background-dim\" style=\"background-color:#6f9cc6\"><\/span>\r\n\t\r\n\t<div class=\"wp-block-cover__image-background wp-image-2130 has-parallax\" style=\"background-position:50% 50%;background-image:url(https:\/\/sunclimbing.com\/wp-content\/uploads\/2023\/06\/DJI_0883-scaled.jpg);\"><\/div>\r\n\t<div class=\"wp-block-cover__inner-container is-layout-flow wp-block-cover-is-layout-flow\">\r\n<div class=\"wp-block-group has-base-color has-text-color has-global-padding is-layout-constrained wp-block-group-is-layout-constrained\">\r\n<h2 class=\"wp-block-heading has-text-align-center has-tertiary-color has-text-color\" style=\"margin-top:0;margin-right:0;margin-bottom:0;margin-left:0\">Personal Protective Equipment (PPE) with J\u00fcrgen<\/h2>\r\n\r\n\r\n<h3 style=\"margin-top:0;margin-right:0;margin-bottom:0;margin-left:0;\" class=\"has-text-align-center wp-block-post-title\">\r\n\t\tKas\u0131m 18, 2023\r\n\t<\/h3><\/div>\r\n<\/div><\/div>\r\n\r\n\r\n\r\n\r\n\r\n\r\n\r\n\r\n<!-- SPALTEN -->\r\n<div class=\"wp-block-columns alignwide is-layout-flex wp-block-columns-is-layout-flex\">\r\n\t<div class=\"wp-block-column is-layout-flow wp-block-column-is-layout-flow\">\r\n\r\n\t\t<!-- SPALTE -->\r\n\t\t<div class=\"wp-block-group has-global-padding is-layout-constrained wp-block-group-is-layout-constrained\">\r\n\t\t\t<h3 class=\"wp-block-heading has-headline-5-font-size\">When<\/h3>\r\n\r\n\t\t\t<div class=\"wp-block-group has-global-padding is-layout-constrained  wp-block-group-is-layout-constrained\"\r\n\t\t\t\tstyle=\"margin-top: 0;\">\r\n\r\n\t\t\t\t<div class=\"em em-view-container\">\r\n\t\t\t\t\t<div class=\"em  em-item em-item-single em-event em-event-single em-event-8 size-large\">\r\n\r\n\t\t\t\t\t\t<div class=\"em-item-meta-line em-event-date em-event-meta-datetime\" style=\"margin-top: 0;\">\r\n\t\t\t\t\t\t\t<span class=\"em-icon-calendar em-icon\"><\/span>\r\n\t\t\t\t\t\t\tKas\u0131m 18, 2023\u00a0\u00a0\u00a0\u00a0\r\n\t\t\t\t\t\t<\/div>\r\n\t\t\t\t\t\t<div class=\"em-item-meta-line em-event-time em-event-meta-datetime\" style=\"margin-top: 0;\">\r\n\t\t\t\t\t\t\t<span class=\"em-icon-clock em-icon\"><\/span>\r\n\t\t\t\t\t\t\t10:00 am - 12:00 pm\r\n\t\t\t\t\t\t<\/div>\r\n\t\t\t\t\t<\/div>\r\n\t\t\t\t<\/div>\r\n\t\t\t<\/div>\r\n\t\t<\/div>\r\n\r\n\r\n\r\n\r\n\t\t\r\n\t\t<section class=\"em-event-bookings-meta\">\r\n\t\t\t<h3 class=\"wp-block-heading has-headline-5-font-size\">Buchungen<\/h3>\r\n\t\t\t\r\n\t\t\t\r\n\t\t\t<div class=\"em-item-meta-line em-event-prices\">\r\n\t\t\t\t<span class=\"em-icon-ticket em-icon\"><\/span>\r\n\t\t\t\tBuchungen geschlossen\r\n\t\t\t<\/div>\r\n\t\t\t\r\n\t\t<\/section>\r\n\t\t\r\n\t<\/div>\r\n\r\n\t<!-- SPALTE -->\r\n\t<div class=\"wp-block-column is-layout-flow wp-block-column-is-layout-flow\">\r\n\t\t\r\n\r\n\t\t<h3 class=\"wp-block-heading has-headline-5-font-size\">Wo<\/h3>\r\n\r\n\r\n\t\t<div class=\"em em-view-container\" style=\"margin-top: 0;\">\r\n\t\t\t<div class=\"em  em-item em-item-single em-event em-event-single em-event-8 size-large\">\r\n\r\n\t\t\t\t<div class=\"em-item-meta-line em-event-location\">\r\n\t\t\t\t\t<span class=\"em-icon-location em-icon\"><\/span>\r\n\t\t\t\t\tOn the rock<br>\r\n\t\t\t\t\tSunclimbing, Geyikbayiri\r\n\t\t\t\t<\/div>\r\n\t\t\t<\/div>\r\n\r\n\t\t<\/div>\r\n\r\n\r\n\r\n\t\t\r\n\r\n\r\n\t\t\r\n\r\n\r\n\t<\/div>\r\n<\/div>\r\n\r\n\r\n\r\n\r\n<!-- EVENT BESCHREIBUNG -->\r\n<section class=\"em-event-content\">\r\n\t<div class=\"wtp-event-detail\">\n<div><img loading=\"lazy\" decoding=\"async\" class=\"alignnone wp-image-3213 size-medium\" src=\"https:\/\/sunclimbing.com\/wp-content\/uploads\/2023\/10\/Juergen-e1698236307273-231x300.jpg\" alt=\"\" width=\"231\" height=\"300\" srcset=\"https:\/\/sunclimbing.com\/wp-content\/uploads\/2023\/10\/Juergen-e1698236307273-231x300.jpg 231w, https:\/\/sunclimbing.com\/wp-content\/uploads\/2023\/10\/Juergen-e1698236307273.jpg 654w\" sizes=\"auto, (max-width: 231px) 100vw, 231px\" \/><\/div>\n<div>\n<h2>Everything you need to know about<\/h2>\n<h2>Personal Protective Equipment (PPE)<\/h2>\n<h2><span style=\"font-size: 16px;\">with J\u00fcrgen Beisswenger (Edelrid)<\/span><\/h2>\n<p>What does PPE mean?\u00a0How do you handle it?\u00a0When do you have to remove it?<br \/>\nIs it possible to repair it?\u00a0We will discuss this topic in dialog with the participants &#8211; please feel free to bring your own climbing equipment.<\/p>\n<p>This workshop will take place on the rock. The exact sector will be shared with you after the registration.<\/p>\n<p>If registration via the form below is not possible for you, please send us an email: <a href=\"mailto:stephanie@sunclimbing.com\">stephanie@sunclimbing.com<\/a><\/p>\n<\/div>\n<\/div>\n\r\n<\/section>\r\n\r\n<!-- EVENT BUTTON -->\r\n\r\n\r\n<!-- LOCATION -->\r\n\r\n<section class=\"em-event-location\">\r\n\t\r\n<\/section>\r\n\r\n\r\n\r\n<section class=\"em-event-bookings\">\r\n\t<a name=\"em-event-booking-form\"><\/a>\r\n\t<h2>Buchungen<\/h2>\r\n\t<div class=\"em pixelbones em-event-booking-form input\" id=\"event-booking-form-672\" data-id=\"672\">\n\t\t\t\t<p>Bookings are closed for this event.<\/p>\t\t<\/div>\r\n<\/section>\r\n\t<\/div>\r\n<\/div>","protected":false},"excerpt":{"rendered":"<p>Kas\u0131m 18, 2023 @ 10:00 am &#8211; 12:00 pm &#8211; Everything you need to know about Personal Protective Equipment (PPE) with J\u00fcrgen Beisswenger (Edelrid) What does PPE mean?\u00a0How do you handle it?\u00a0When do you have to remove it? Is it possible to repair it?\u00a0We will discuss this topic in dialog with the participants &#8211; please feel free to bring your own climbing equipment. This workshop [&#8230;]<\/p>\n","protected":false},"author":4,"featured_media":2100,"template":"","meta":[],"class_list":["post-3212","event","type-event","status-publish","has-post-thumbnail","hentry","event-categories-events"],"yoast_head":"<!-- This site is optimized with the Yoast SEO plugin v27.5 - https:\/\/yoast.com\/product\/yoast-seo-wordpress\/ -->\n<title>Personal Protective Equipment (PPE) with J\u00fcrgen - Sunclimbing<\/title>\n<meta name=\"robots\" content=\"index, follow, max-snippet:-1, max-image-preview:large, max-video-preview:-1\" \/>\n<link rel=\"canonical\" href=\"https:\/\/sunclimbing.com\/tr\/course\/personal-protective-equipment-ppe-with-jurgen-2\/\" \/>\n<meta property=\"og:locale\" content=\"tr_TR\" \/>\n<meta property=\"og:type\" content=\"article\" \/>\n<meta property=\"og:title\" content=\"Personal Protective Equipment (PPE) with J\u00fcrgen - Sunclimbing\" \/>\n<meta property=\"og:description\" content=\"Kas\u0131m 18, 2023 @ 10:00 am - 12:00 pm - Everything you need to know about Personal Protective Equipment (PPE) with J\u00fcrgen Beisswenger (Edelrid) What does PPE mean?\u00a0How do you handle it?\u00a0When do you have to remove it? Is it possible to repair it?\u00a0We will discuss this topic in dialog with the participants &#8211; please feel free to bring your own climbing equipment. This workshop [...]\" \/>\n<meta property=\"og:url\" content=\"https:\/\/sunclimbing.com\/tr\/course\/personal-protective-equipment-ppe-with-jurgen-2\/\" \/>\n<meta property=\"og:site_name\" content=\"Sunclimbing\" \/>\n<meta property=\"article:modified_time\" content=\"2023-11-16T07:44:51+00:00\" \/>\n<meta property=\"og:image\" content=\"https:\/\/sunclimbing.com\/wp-content\/uploads\/2023\/06\/DJI_0883-scaled.jpg\" \/>\n\t<meta property=\"og:image:width\" content=\"2560\" \/>\n\t<meta property=\"og:image:height\" content=\"1917\" \/>\n\t<meta property=\"og:image:type\" content=\"image\/jpeg\" \/>\n<meta name=\"twitter:card\" content=\"summary_large_image\" \/>\n<script type=\"application\/ld+json\" class=\"yoast-schema-graph\">{\"@context\":\"https:\\\/\\\/schema.org\",\"@graph\":[{\"@type\":\"WebPage\",\"@id\":\"https:\\\/\\\/sunclimbing.com\\\/course\\\/personal-protective-equipment-ppe-with-jurgen-2\\\/\",\"url\":\"https:\\\/\\\/sunclimbing.com\\\/course\\\/personal-protective-equipment-ppe-with-jurgen-2\\\/\",\"name\":\"Personal Protective Equipment (PPE) with J\u00fcrgen - Sunclimbing\",\"isPartOf\":{\"@id\":\"https:\\\/\\\/sunclimbing.com\\\/#website\"},\"primaryImageOfPage\":{\"@id\":\"https:\\\/\\\/sunclimbing.com\\\/course\\\/personal-protective-equipment-ppe-with-jurgen-2\\\/#primaryimage\"},\"image\":{\"@id\":\"https:\\\/\\\/sunclimbing.com\\\/course\\\/personal-protective-equipment-ppe-with-jurgen-2\\\/#primaryimage\"},\"thumbnailUrl\":\"https:\\\/\\\/sunclimbing.com\\\/wp-content\\\/uploads\\\/2023\\\/06\\\/DJI_0883-scaled.jpg\",\"datePublished\":\"2023-10-26T10:52:36+00:00\",\"dateModified\":\"2023-11-16T07:44:51+00:00\",\"breadcrumb\":{\"@id\":\"https:\\\/\\\/sunclimbing.com\\\/course\\\/personal-protective-equipment-ppe-with-jurgen-2\\\/#breadcrumb\"},\"inLanguage\":\"tr\",\"potentialAction\":[{\"@type\":\"ReadAction\",\"target\":[\"https:\\\/\\\/sunclimbing.com\\\/course\\\/personal-protective-equipment-ppe-with-jurgen-2\\\/\"]}]},{\"@type\":\"ImageObject\",\"inLanguage\":\"tr\",\"@id\":\"https:\\\/\\\/sunclimbing.com\\\/course\\\/personal-protective-equipment-ppe-with-jurgen-2\\\/#primaryimage\",\"url\":\"https:\\\/\\\/sunclimbing.com\\\/wp-content\\\/uploads\\\/2023\\\/06\\\/DJI_0883-scaled.jpg\",\"contentUrl\":\"https:\\\/\\\/sunclimbing.com\\\/wp-content\\\/uploads\\\/2023\\\/06\\\/DJI_0883-scaled.jpg\",\"width\":2560,\"height\":1917},{\"@type\":\"BreadcrumbList\",\"@id\":\"https:\\\/\\\/sunclimbing.com\\\/course\\\/personal-protective-equipment-ppe-with-jurgen-2\\\/#breadcrumb\",\"itemListElement\":[{\"@type\":\"ListItem\",\"position\":1,\"name\":\"Home\",\"item\":\"https:\\\/\\\/sunclimbing.com\\\/\"},{\"@type\":\"ListItem\",\"position\":2,\"name\":\"Personal Protective Equipment (PPE) with J\u00fcrgen\"}]},{\"@type\":\"WebSite\",\"@id\":\"https:\\\/\\\/sunclimbing.com\\\/#website\",\"url\":\"https:\\\/\\\/sunclimbing.com\\\/\",\"name\":\"Sunclimbing\",\"description\":\"\",\"publisher\":{\"@id\":\"https:\\\/\\\/sunclimbing.com\\\/#organization\"},\"potentialAction\":[{\"@type\":\"SearchAction\",\"target\":{\"@type\":\"EntryPoint\",\"urlTemplate\":\"https:\\\/\\\/sunclimbing.com\\\/?s={search_term_string}\"},\"query-input\":{\"@type\":\"PropertyValueSpecification\",\"valueRequired\":true,\"valueName\":\"search_term_string\"}}],\"inLanguage\":\"tr\"},{\"@type\":\"Organization\",\"@id\":\"https:\\\/\\\/sunclimbing.com\\\/#organization\",\"name\":\"Sunclimbing\",\"url\":\"https:\\\/\\\/sunclimbing.com\\\/\",\"logo\":{\"@type\":\"ImageObject\",\"inLanguage\":\"tr\",\"@id\":\"https:\\\/\\\/sunclimbing.com\\\/#\\\/schema\\\/logo\\\/image\\\/\",\"url\":\"https:\\\/\\\/sunclimbing.com\\\/wp-content\\\/uploads\\\/2023\\\/06\\\/sunclimbing_logo.png\",\"contentUrl\":\"https:\\\/\\\/sunclimbing.com\\\/wp-content\\\/uploads\\\/2023\\\/06\\\/sunclimbing_logo.png\",\"width\":495,\"height\":108,\"caption\":\"Sunclimbing\"},\"image\":{\"@id\":\"https:\\\/\\\/sunclimbing.com\\\/#\\\/schema\\\/logo\\\/image\\\/\"}}]}<\/script>\n<!-- \/ Yoast SEO plugin. -->","yoast_head_json":{"title":"Personal Protective Equipment (PPE) with J\u00fcrgen - Sunclimbing","robots":{"index":"index","follow":"follow","max-snippet":"max-snippet:-1","max-image-preview":"max-image-preview:large","max-video-preview":"max-video-preview:-1"},"canonical":"https:\/\/sunclimbing.com\/tr\/course\/personal-protective-equipment-ppe-with-jurgen-2\/","og_locale":"tr_TR","og_type":"article","og_title":"Personal Protective Equipment (PPE) with J\u00fcrgen - Sunclimbing","og_description":"Kas\u0131m 18, 2023 @ 10:00 am - 12:00 pm - Everything you need to know about Personal Protective Equipment (PPE) with J\u00fcrgen Beisswenger (Edelrid) What does PPE mean?\u00a0How do you handle it?\u00a0When do you have to remove it? Is it possible to repair it?\u00a0We will discuss this topic in dialog with the participants &#8211; please feel free to bring your own climbing equipment. This workshop [...]","og_url":"https:\/\/sunclimbing.com\/tr\/course\/personal-protective-equipment-ppe-with-jurgen-2\/","og_site_name":"Sunclimbing","article_modified_time":"2023-11-16T07:44:51+00:00","og_image":[{"width":2560,"height":1917,"url":"https:\/\/sunclimbing.com\/wp-content\/uploads\/2023\/06\/DJI_0883-scaled.jpg","type":"image\/jpeg"}],"twitter_card":"summary_large_image","schema":{"@context":"https:\/\/schema.org","@graph":[{"@type":"WebPage","@id":"https:\/\/sunclimbing.com\/course\/personal-protective-equipment-ppe-with-jurgen-2\/","url":"https:\/\/sunclimbing.com\/course\/personal-protective-equipment-ppe-with-jurgen-2\/","name":"Personal Protective Equipment (PPE) with J\u00fcrgen - Sunclimbing","isPartOf":{"@id":"https:\/\/sunclimbing.com\/#website"},"primaryImageOfPage":{"@id":"https:\/\/sunclimbing.com\/course\/personal-protective-equipment-ppe-with-jurgen-2\/#primaryimage"},"image":{"@id":"https:\/\/sunclimbing.com\/course\/personal-protective-equipment-ppe-with-jurgen-2\/#primaryimage"},"thumbnailUrl":"https:\/\/sunclimbing.com\/wp-content\/uploads\/2023\/06\/DJI_0883-scaled.jpg","datePublished":"2023-10-26T10:52:36+00:00","dateModified":"2023-11-16T07:44:51+00:00","breadcrumb":{"@id":"https:\/\/sunclimbing.com\/course\/personal-protective-equipment-ppe-with-jurgen-2\/#breadcrumb"},"inLanguage":"tr","potentialAction":[{"@type":"ReadAction","target":["https:\/\/sunclimbing.com\/course\/personal-protective-equipment-ppe-with-jurgen-2\/"]}]},{"@type":"ImageObject","inLanguage":"tr","@id":"https:\/\/sunclimbing.com\/course\/personal-protective-equipment-ppe-with-jurgen-2\/#primaryimage","url":"https:\/\/sunclimbing.com\/wp-content\/uploads\/2023\/06\/DJI_0883-scaled.jpg","contentUrl":"https:\/\/sunclimbing.com\/wp-content\/uploads\/2023\/06\/DJI_0883-scaled.jpg","width":2560,"height":1917},{"@type":"BreadcrumbList","@id":"https:\/\/sunclimbing.com\/course\/personal-protective-equipment-ppe-with-jurgen-2\/#breadcrumb","itemListElement":[{"@type":"ListItem","position":1,"name":"Home","item":"https:\/\/sunclimbing.com\/"},{"@type":"ListItem","position":2,"name":"Personal Protective Equipment (PPE) with J\u00fcrgen"}]},{"@type":"WebSite","@id":"https:\/\/sunclimbing.com\/#website","url":"https:\/\/sunclimbing.com\/","name":"Sunclimbing","description":"","publisher":{"@id":"https:\/\/sunclimbing.com\/#organization"},"potentialAction":[{"@type":"SearchAction","target":{"@type":"EntryPoint","urlTemplate":"https:\/\/sunclimbing.com\/?s={search_term_string}"},"query-input":{"@type":"PropertyValueSpecification","valueRequired":true,"valueName":"search_term_string"}}],"inLanguage":"tr"},{"@type":"Organization","@id":"https:\/\/sunclimbing.com\/#organization","name":"Sunclimbing","url":"https:\/\/sunclimbing.com\/","logo":{"@type":"ImageObject","inLanguage":"tr","@id":"https:\/\/sunclimbing.com\/#\/schema\/logo\/image\/","url":"https:\/\/sunclimbing.com\/wp-content\/uploads\/2023\/06\/sunclimbing_logo.png","contentUrl":"https:\/\/sunclimbing.com\/wp-content\/uploads\/2023\/06\/sunclimbing_logo.png","width":495,"height":108,"caption":"Sunclimbing"},"image":{"@id":"https:\/\/sunclimbing.com\/#\/schema\/logo\/image\/"}}]}},"_links":{"self":[{"href":"https:\/\/sunclimbing.com\/tr\/wp-json\/wp\/v2\/event\/3212","targetHints":{"allow":["GET"]}}],"collection":[{"href":"https:\/\/sunclimbing.com\/tr\/wp-json\/wp\/v2\/event"}],"about":[{"href":"https:\/\/sunclimbing.com\/tr\/wp-json\/wp\/v2\/types\/event"}],"author":[{"embeddable":true,"href":"https:\/\/sunclimbing.com\/tr\/wp-json\/wp\/v2\/users\/4"}],"wp:featuredmedia":[{"embeddable":true,"href":"https:\/\/sunclimbing.com\/tr\/wp-json\/wp\/v2\/media\/2100"}],"wp:attachment":[{"href":"https:\/\/sunclimbing.com\/tr\/wp-json\/wp\/v2\/media?parent=3212"}],"curies":[{"name":"wp","href":"https:\/\/api.w.org\/{rel}","templated":true}]}}